{"id":8167,"date":"2024-04-04T14:13:27","date_gmt":"2024-04-04T12:13:27","guid":{"rendered":"https:\/\/brufaganya.cat\/2020\/?page_id=8167"},"modified":"2026-03-16T10:40:31","modified_gmt":"2026-03-16T08:40:31","slug":"biblioteca","status":"publish","type":"page","link":"https:\/\/brufaganya.cat\/2020\/biblioteca\/","title":{"rendered":"Biblioteca"},"content":{"rendered":"<p>[vc_row][vc_column][vc_single_image image=&#8221;8171&#8243; img_size=&#8221;full&#8221; add_caption=&#8221;yes&#8221; alignment=&#8221;center&#8221; el_class=&#8221;hero-propi&#8221; css=&#8221;.vc_custom_1712233420984{margin-bottom: 0px !important;}&#8221;][vc_column_text][\/vc_column_text][\/vc_column][\/vc_row][vc_row][vc_column width=&#8221;1\/2&#8243;][vc_empty_space height=&#8221;30px&#8221;][vc_single_image image=&#8221;8212&#8243; img_size=&#8221;full&#8221; add_caption=&#8221;yes&#8221;][\/vc_column][vc_column width=&#8221;1\/2&#8243;]<div id=\"ultimate-heading-623269f4a75905c39\" class=\"uvc-heading ult-adjust-bottom-margin ultimate-heading-623269f4a75905c39 uvc-6049 \" data-hspacer=\"no_spacer\"  data-halign=\"left\" style=\"text-align:left\"><div class=\"uvc-heading-spacer no_spacer\" style=\"top\"><\/div><div class=\"uvc-sub-heading ult-responsive\"  data-ultimate-target='.uvc-heading.ultimate-heading-623269f4a75905c39 .uvc-sub-heading '  data-responsive-json-new='{\"font-size\":\"\",\"line-height\":\"\"}'  style=\"font-weight:normal;\"><\/p>\n<h1><span style=\"color: #339966;\">Biblioteca de natura Joan Teruel<\/span><\/h1>\n<p><\/div><\/div>[vc_column_text]<\/p>\n<p class=\"isSelectedEnd\">En col\u00b7laboraci\u00f3 amb l\u2019Associaci\u00f3 Cultural Baixa Segarra (ACBS), els Amics de Sant Mag\u00ed posen a disposici\u00f3 del p\u00fablic la <strong>Biblioteca de Natura Joan Teruel<\/strong>, especialitzada en ci\u00e8ncies naturals i ci\u00e8ncies ambientals, amb una atenci\u00f3 preferent als \u00e0mbits de la bot\u00e0nica i la zoologia. El nucli del seu fons procedeix de la biblioteca particular del naturalista Joan Teruel i, amb el pas dels anys, s\u2019ha anat ampliant amb noves aportacions, especialment amb obres relacionades amb la hist\u00f2ria local de la Baixa Segarra.<\/p>\n<p class=\"isSelectedEnd\">La biblioteca compta tamb\u00e9 amb una secci\u00f3 espec\u00edfica dedicada a Sant Mag\u00ed i la Brufaganya, amb la voluntat de consolidar-se progressivament com un espai de refer\u00e8ncia per a la consulta i l\u2019estudi d\u2019aquests \u00e0mbits. El fons es completa amb una hemeroteca especialitzada en aquestes mateixes tem\u00e0tiques.<\/p>\n<p>La biblioteca \u00e9s accessible en els dies en qu\u00e8 hi ha activitat a Sant Mag\u00ed, especialment els primers i tercers diumenges de cada mes, coincidint amb les activitats dels voluntaris o amb celebracions religioses. Igualment, es poden concertar visites escrivint a l\u2019adre\u00e7a electr\u00f2nica <a href=\"mailto:amicssantmagi@brufaganya.cat\"><strong>amicssantmagi@brufaganya.cat<\/strong><\/a>.[\/vc_column_text][\/vc_column][\/vc_row][vc_row][vc_column width=&#8221;1\/2&#8243;][\/vc_column][vc_column width=&#8221;1\/2&#8243;][vc_btn title=&#8221;CONSULTA LA BIBLIOTECA&#8221; color=&#8221;success&#8221; size=&#8221;lg&#8221; align=&#8221;center&#8221; link=&#8221;url:https%3A%2F%2Fbiblioteca.acbs.cat%2Fgestio%2Fopac_css%2Findex.php%3Flvl%3Dindex%26opac_view%3D3|target:_blank&#8221;][vc_separator color=&#8221;green&#8221; border_width=&#8221;5&#8243;][vc_empty_space height=&#8221;30px&#8221;][\/vc_column][\/vc_row][vc_row][vc_column width=&#8221;1\/2&#8243;][vc_empty_space height=&#8221;30px&#8221;][vc_single_image image=&#8221;8195&#8243; img_size=&#8221;full&#8221; add_caption=&#8221;yes&#8221; alignment=&#8221;center&#8221; onclick=&#8221;img_link_large&#8221;][vc_single_image image=&#8221;8194&#8243; img_size=&#8221;full&#8221; add_caption=&#8221;yes&#8221; alignment=&#8221;center&#8221; onclick=&#8221;img_link_large&#8221;][\/vc_column][vc_column width=&#8221;1\/2&#8243;]<div id=\"ultimate-heading-730169f4a75905c83\" class=\"uvc-heading ult-adjust-bottom-margin ultimate-heading-730169f4a75905c83 uvc-2405 \" data-hspacer=\"no_spacer\"  data-halign=\"left\" style=\"text-align:left\"><div class=\"uvc-heading-spacer no_spacer\" style=\"top\"><\/div><div class=\"uvc-sub-heading ult-responsive\"  data-ultimate-target='.uvc-heading.ultimate-heading-730169f4a75905c83 .uvc-sub-heading '  data-responsive-json-new='{\"font-size\":\"\",\"line-height\":\"\"}'  style=\"font-weight:normal;\"><\/p>\n<h1><span style=\"color: #339966;\">Qui era en Joan Teruel?<\/span><\/h1>\n<p><\/div><\/div>[vc_empty_space height=&#8221;40px&#8221;][vc_column_text]<\/p>\n<h3>JOAN TERUEL I ESMEL<\/h3>\n<p>En <strong>Joan Teruel i Esmel<\/strong> era p\u00e8rit industrial qu\u00edmic. En acabar els estudis es va posar a treballar en el negoci familiar de materials procedents d&#8217;enderrocs i fusteria nova. Posteriorment va fer un m\u00e0ster en conservaci\u00f3 de la natura i gesti\u00f3 de recursos naturals. Des de 1992 treball\u00e0 en aquesta especialitat i era membre d\u2019organitzacions com la <strong>Instituci\u00f3 Catalana d\u2019Hist\u00f2ria Natural<\/strong> (Institut d\u2019Estudis Catalans), <strong>Societat Catalana de Fot\u00f2grafs de Natura<\/strong>, etc&#8230;<\/p>\n<p>Va fer nombrosos cursos d\u2019especialitzaci\u00f3 en seguretat i prevenci\u00f3 d\u2019incendis, infraestructures vi\u00e0ries forestals, gesti\u00f3 d\u2019ecosistemes forestals i cineg\u00e8tics, ordenaci\u00f3 i protecci\u00f3 de flora i fauna. En aquestes especialitats va adquirir experi\u00e8ncia internacional a Fran\u00e7a, It\u00e0lia, Bulg\u00e0ria, Mali i, sobretot, Cuba, on hi va fer estada en quatre ocasions.<\/p>\n<p>Gran expert de muntatge de xiloteques (biblioteques de la fusta) de les que en va cedir desinteressadament a diverses institucions: Institut Bot\u00e0nic i Museu Mar\u00edtim de Barcelona, Jard\u00ed Bot\u00e0nic de Gombr\u00e8n, Associaci\u00f3 per l\u2019Estudi del Moble, Centre d\u2019Interpretaci\u00f3 del Riu Gai\u00e0 a El Catllar i castell de Santa Coloma de Queralt. <strong>Tamb\u00e9 n\u2019hi ha una d\u2019instal\u00b7lada a la planta baixa de la Casa de l\u2019Ermit\u00e0 de Sant Mag\u00ed de la Brufaganya<\/strong>.<\/p>\n<p>Malgrat la seva experi\u00e8ncia a nivell nacional i internacional no va dubtar en col\u00b7laborar amb el <strong>Grup de Recerca Bot\u00e0nica dels Amics de Sant Mag\u00ed<\/strong> participant en les passejades setmanals pels boscos de la Brufaganya.<\/p>\n<p>En Joan Teruel va morir sobtadament a finals de l\u2019any 2021 deixant un buit important en les activitats dels Amics de Sant Mag\u00ed.<\/p>\n<p>En mem\u00f2ria seva posem a la xarxa el cat\u00e0leg de la biblioteca que hem iniciat amb el fons que guardava a casa seva i ens brindem a facilitar la consulta de qualsevol obra a tothom que hi estigui interessat.[\/vc_column_text][\/vc_column][\/vc_row][vc_row][vc_column width=&#8221;1\/2&#8243;][\/vc_column][vc_column width=&#8221;1\/2&#8243;][vc_separator color=&#8221;green&#8221; border_width=&#8221;5&#8243;][vc_btn title=&#8221;CONSULTA LA BIBLIOTECA&#8221; color=&#8221;success&#8221; size=&#8221;lg&#8221; align=&#8221;center&#8221; link=&#8221;url:https%3A%2F%2Fbiblioteca.acbs.cat%2Fgestio%2Fopac_css%2Findex.php%3Flvl%3Dindex%26opac_view%3D3%2520_blank|target:_blank&#8221;][vc_empty_space height=&#8221;30px&#8221;][\/vc_column][\/vc_row]<\/p>\n","protected":false},"excerpt":{"rendered":"<p>[vc_row][vc_column][vc_single_image image=&#8221;8171&#8243; img_size=&#8221;full&#8221; add_caption=&#8221;yes&#8221; alignment=&#8221;center&#8221; el_class=&#8221;hero-propi&#8221; css=&#8221;.vc_custom_1712233420984{margin-bottom: 0px !important;}&#8221;][vc_column_text][\/vc_column_text][\/vc_column][\/vc_row][vc_row][vc_column width=&#8221;1\/2&#8243;][vc_empty_space height=&#8221;30px&#8221;][vc_single_image image=&#8221;8212&#8243; img_size=&#8221;full&#8221; add_caption=&#8221;yes&#8221;][\/vc_column][vc_column width=&#8221;1\/2&#8243;][vc_column_text] En col\u00b7laboraci\u00f3 amb l\u2019Associaci\u00f3 Cultural Baixa Segarra (ACBS), els Amics de Sant Mag\u00ed posen a [&hellip;]<\/p>\n","protected":false},"author":1,"featured_media":0,"parent":0,"menu_order":0,"comment_status":"closed","ping_status":"closed","template":"","meta":{"inline_featured_image":false,"footnotes":""},"class_list":["post-8167","page","type-page","status-publish","hentry"],"yoast_head":"<!-- This site is optimized with the Yoast SEO plugin v27.5 - https:\/\/yoast.com\/product\/yoast-seo-wordpress\/ -->\n<title>Biblioteca &#187; Sant Mag\u00ed de la Brufaganya<\/title>\n<meta name=\"robots\" content=\"index, follow, max-snippet:-1, max-image-preview:large, max-video-preview:-1\" \/>\n<link rel=\"canonical\" href=\"https:\/\/brufaganya.cat\/2020\/biblioteca\/\" \/>\n<meta property=\"og:locale\" content=\"ca_ES\" \/>\n<meta property=\"og:type\" content=\"article\" \/>\n<meta property=\"og:title\" content=\"Biblioteca &#187; Sant Mag\u00ed de la Brufaganya\" \/>\n<meta property=\"og:description\" content=\"[vc_row][vc_column][vc_single_image image=&#8221;8171&#8243; img_size=&#8221;full&#8221; add_caption=&#8221;yes&#8221; alignment=&#8221;center&#8221; el_class=&#8221;hero-propi&#8221; css=&#8221;.vc_custom_1712233420984{margin-bottom: 0px !important;}&#8221;][vc_column_text][\/vc_column_text][\/vc_column][\/vc_row][vc_row][vc_column width=&#8221;1\/2&#8243;][vc_empty_space height=&#8221;30px&#8221;][vc_single_image image=&#8221;8212&#8243; img_size=&#8221;full&#8221; add_caption=&#8221;yes&#8221;][\/vc_column][vc_column width=&#8221;1\/2&#8243;][vc_column_text] En col\u00b7laboraci\u00f3 amb l\u2019Associaci\u00f3 Cultural Baixa Segarra (ACBS), els Amics de Sant Mag\u00ed posen a [&hellip;]\" \/>\n<meta property=\"og:url\" content=\"https:\/\/brufaganya.cat\/2020\/biblioteca\/\" \/>\n<meta property=\"og:site_name\" content=\"Sant Mag\u00ed de la Brufaganya\" \/>\n<meta property=\"article:modified_time\" content=\"2026-03-16T08:40:31+00:00\" \/>\n<meta name=\"twitter:card\" content=\"summary_large_image\" \/>\n<meta name=\"twitter:label1\" content=\"Temps estimat de lectura\" \/>\n\t<meta name=\"twitter:data1\" content=\"3 minuts\" \/>\n<script type=\"application\/ld+json\" class=\"yoast-schema-graph\">{\"@context\":\"https:\\\/\\\/schema.org\",\"@graph\":[{\"@type\":\"WebPage\",\"@id\":\"https:\\\/\\\/brufaganya.cat\\\/2020\\\/biblioteca\\\/\",\"url\":\"https:\\\/\\\/brufaganya.cat\\\/2020\\\/biblioteca\\\/\",\"name\":\"Biblioteca &#187; Sant Mag\u00ed de la Brufaganya\",\"isPartOf\":{\"@id\":\"https:\\\/\\\/brufaganya.cat\\\/2020\\\/#website\"},\"datePublished\":\"2024-04-04T12:13:27+00:00\",\"dateModified\":\"2026-03-16T08:40:31+00:00\",\"breadcrumb\":{\"@id\":\"https:\\\/\\\/brufaganya.cat\\\/2020\\\/biblioteca\\\/#breadcrumb\"},\"inLanguage\":\"ca\",\"potentialAction\":[{\"@type\":\"ReadAction\",\"target\":[\"https:\\\/\\\/brufaganya.cat\\\/2020\\\/biblioteca\\\/\"]}]},{\"@type\":\"BreadcrumbList\",\"@id\":\"https:\\\/\\\/brufaganya.cat\\\/2020\\\/biblioteca\\\/#breadcrumb\",\"itemListElement\":[{\"@type\":\"ListItem\",\"position\":1,\"name\":\"Inici\",\"item\":\"https:\\\/\\\/brufaganya.cat\\\/2020\\\/\"},{\"@type\":\"ListItem\",\"position\":2,\"name\":\"Biblioteca\"}]},{\"@type\":\"WebSite\",\"@id\":\"https:\\\/\\\/brufaganya.cat\\\/2020\\\/#website\",\"url\":\"https:\\\/\\\/brufaganya.cat\\\/2020\\\/\",\"name\":\"Sant Mag\u00ed de la Brufaganya\",\"description\":\"Lloc web de Sant Mag\u00ed de la Brufaganya\",\"publisher\":{\"@id\":\"https:\\\/\\\/brufaganya.cat\\\/2020\\\/#organization\"},\"potentialAction\":[{\"@type\":\"SearchAction\",\"target\":{\"@type\":\"EntryPoint\",\"urlTemplate\":\"https:\\\/\\\/brufaganya.cat\\\/2020\\\/?s={search_term_string}\"},\"query-input\":{\"@type\":\"PropertyValueSpecification\",\"valueRequired\":true,\"valueName\":\"search_term_string\"}}],\"inLanguage\":\"ca\"},{\"@type\":\"Organization\",\"@id\":\"https:\\\/\\\/brufaganya.cat\\\/2020\\\/#organization\",\"name\":\"Sant Mag\u00ed de Brufaganya\",\"url\":\"https:\\\/\\\/brufaganya.cat\\\/2020\\\/\",\"logo\":{\"@type\":\"ImageObject\",\"inLanguage\":\"ca\",\"@id\":\"https:\\\/\\\/brufaganya.cat\\\/2020\\\/#\\\/schema\\\/logo\\\/image\\\/\",\"url\":\"https:\\\/\\\/brufaganya.cat\\\/2020\\\/wp-content\\\/uploads\\\/2018\\\/11\\\/st_marti_bruga_horitz_posi_logo.jpg\",\"contentUrl\":\"https:\\\/\\\/brufaganya.cat\\\/2020\\\/wp-content\\\/uploads\\\/2018\\\/11\\\/st_marti_bruga_horitz_posi_logo.jpg\",\"width\":1479,\"height\":804,\"caption\":\"Sant Mag\u00ed de Brufaganya\"},\"image\":{\"@id\":\"https:\\\/\\\/brufaganya.cat\\\/2020\\\/#\\\/schema\\\/logo\\\/image\\\/\"},\"sameAs\":[\"https:\\\/\\\/ca.wikipedia.org\\\/wiki\\\/Sant_Mag\u00ed_de_Brufaganya\"]}]}<\/script>\n<!-- \/ Yoast SEO plugin. -->","yoast_head_json":{"title":"Biblioteca &#187; Sant Mag\u00ed de la Brufaganya","robots":{"index":"index","follow":"follow","max-snippet":"max-snippet:-1","max-image-preview":"max-image-preview:large","max-video-preview":"max-video-preview:-1"},"canonical":"https:\/\/brufaganya.cat\/2020\/biblioteca\/","og_locale":"ca_ES","og_type":"article","og_title":"Biblioteca &#187; Sant Mag\u00ed de la Brufaganya","og_description":"[vc_row][vc_column][vc_single_image image=&#8221;8171&#8243; img_size=&#8221;full&#8221; add_caption=&#8221;yes&#8221; alignment=&#8221;center&#8221; el_class=&#8221;hero-propi&#8221; css=&#8221;.vc_custom_1712233420984{margin-bottom: 0px !important;}&#8221;][vc_column_text][\/vc_column_text][\/vc_column][\/vc_row][vc_row][vc_column width=&#8221;1\/2&#8243;][vc_empty_space height=&#8221;30px&#8221;][vc_single_image image=&#8221;8212&#8243; img_size=&#8221;full&#8221; add_caption=&#8221;yes&#8221;][\/vc_column][vc_column width=&#8221;1\/2&#8243;][vc_column_text] En col\u00b7laboraci\u00f3 amb l\u2019Associaci\u00f3 Cultural Baixa Segarra (ACBS), els Amics de Sant Mag\u00ed posen a [&hellip;]","og_url":"https:\/\/brufaganya.cat\/2020\/biblioteca\/","og_site_name":"Sant Mag\u00ed de la Brufaganya","article_modified_time":"2026-03-16T08:40:31+00:00","twitter_card":"summary_large_image","twitter_misc":{"Temps estimat de lectura":"3 minuts"},"schema":{"@context":"https:\/\/schema.org","@graph":[{"@type":"WebPage","@id":"https:\/\/brufaganya.cat\/2020\/biblioteca\/","url":"https:\/\/brufaganya.cat\/2020\/biblioteca\/","name":"Biblioteca &#187; Sant Mag\u00ed de la Brufaganya","isPartOf":{"@id":"https:\/\/brufaganya.cat\/2020\/#website"},"datePublished":"2024-04-04T12:13:27+00:00","dateModified":"2026-03-16T08:40:31+00:00","breadcrumb":{"@id":"https:\/\/brufaganya.cat\/2020\/biblioteca\/#breadcrumb"},"inLanguage":"ca","potentialAction":[{"@type":"ReadAction","target":["https:\/\/brufaganya.cat\/2020\/biblioteca\/"]}]},{"@type":"BreadcrumbList","@id":"https:\/\/brufaganya.cat\/2020\/biblioteca\/#breadcrumb","itemListElement":[{"@type":"ListItem","position":1,"name":"Inici","item":"https:\/\/brufaganya.cat\/2020\/"},{"@type":"ListItem","position":2,"name":"Biblioteca"}]},{"@type":"WebSite","@id":"https:\/\/brufaganya.cat\/2020\/#website","url":"https:\/\/brufaganya.cat\/2020\/","name":"Sant Mag\u00ed de la Brufaganya","description":"Lloc web de Sant Mag\u00ed de la Brufaganya","publisher":{"@id":"https:\/\/brufaganya.cat\/2020\/#organization"},"potentialAction":[{"@type":"SearchAction","target":{"@type":"EntryPoint","urlTemplate":"https:\/\/brufaganya.cat\/2020\/?s={search_term_string}"},"query-input":{"@type":"PropertyValueSpecification","valueRequired":true,"valueName":"search_term_string"}}],"inLanguage":"ca"},{"@type":"Organization","@id":"https:\/\/brufaganya.cat\/2020\/#organization","name":"Sant Mag\u00ed de Brufaganya","url":"https:\/\/brufaganya.cat\/2020\/","logo":{"@type":"ImageObject","inLanguage":"ca","@id":"https:\/\/brufaganya.cat\/2020\/#\/schema\/logo\/image\/","url":"https:\/\/brufaganya.cat\/2020\/wp-content\/uploads\/2018\/11\/st_marti_bruga_horitz_posi_logo.jpg","contentUrl":"https:\/\/brufaganya.cat\/2020\/wp-content\/uploads\/2018\/11\/st_marti_bruga_horitz_posi_logo.jpg","width":1479,"height":804,"caption":"Sant Mag\u00ed de Brufaganya"},"image":{"@id":"https:\/\/brufaganya.cat\/2020\/#\/schema\/logo\/image\/"},"sameAs":["https:\/\/ca.wikipedia.org\/wiki\/Sant_Mag\u00ed_de_Brufaganya"]}]}},"_links":{"self":[{"href":"https:\/\/brufaganya.cat\/2020\/wp-json\/wp\/v2\/pages\/8167","targetHints":{"allow":["GET"]}}],"collection":[{"href":"https:\/\/brufaganya.cat\/2020\/wp-json\/wp\/v2\/pages"}],"about":[{"href":"https:\/\/brufaganya.cat\/2020\/wp-json\/wp\/v2\/types\/page"}],"author":[{"embeddable":true,"href":"https:\/\/brufaganya.cat\/2020\/wp-json\/wp\/v2\/users\/1"}],"replies":[{"embeddable":true,"href":"https:\/\/brufaganya.cat\/2020\/wp-json\/wp\/v2\/comments?post=8167"}],"version-history":[{"count":0,"href":"https:\/\/brufaganya.cat\/2020\/wp-json\/wp\/v2\/pages\/8167\/revisions"}],"wp:attachment":[{"href":"https:\/\/brufaganya.cat\/2020\/wp-json\/wp\/v2\/media?parent=8167"}],"curies":[{"name":"wp","href":"https:\/\/api.w.org\/{rel}","templated":true}]}}